{"id":5397,"date":"2021-10-11T12:00:09","date_gmt":"2021-10-11T09:00:09","guid":{"rendered":"https:\/\/www.dortyolyukselis.k12.tr\/?page_id=5397"},"modified":"2024-09-27T15:29:51","modified_gmt":"2024-09-27T12:29:51","slug":"akademik-takvim","status":"publish","type":"page","link":"https:\/\/www.dortyolyukselis.k12.tr\/?page_id=5397","title":{"rendered":"Akademik Takvim"},"content":{"rendered":"<p>[vc_row][vc_column][stm_title title_align=&#8221;center&#8221; page_title_enable=&#8221;true&#8221; title_margin_b=&#8221;28px&#8221;][\/stm_title][vc_column_text][\/vc_column_text][vc_column_text css_animation=&#8221;slideInLeft&#8221;]<\/p>\n<table class=\"center aligncenter\" style=\"width: 67.6608%; border-collapse: collapse; height: 623px;\">\n<tbody>\n<tr style=\"height: 0.5;\">\n<td style=\"width: 35.6597%; border-style: solid; border-color: #0c6091; text-align: center; vertical-align: middle; height: 54px; background-color: #deffec;\"><strong><span style=\"font-size: 14pt; color: #000080;\">2024-2025 E\u011fitim-\u00d6\u011fretim Y\u0131l\u0131n\u0131n Ba\u015flang\u0131c\u0131<\/span><\/strong><\/td>\n<td style=\"width: 29.4206%; text-align: left; border-style: solid; border-color: #0c6091; vertical-align: middle; height: 54px; background-color: #e0f7ff;\"><span style=\"font-size: 14pt; color: #000080;\">09 Eyl\u00fcl 2024 Pazartesi<\/span><\/td>\n<\/tr>\n<tr style=\"height: 0.5;\">\n<td style=\"width: 35.6597%; border-style: solid; border-color: #0c6091; text-align: center; vertical-align: middle; height: 27px; background-color: #deffec;\"><strong><span style=\"font-size: 14pt; color: #000080;\">Cumhuriyet Bayram\u0131<\/span><\/strong><\/td>\n<td style=\"width: 29.4206%; text-align: left; border-style: solid; border-color: #0c6091; vertical-align: middle; height: 27px; background-color: #e0f7ff;\"><span style=\"font-size: 14pt; color: #000080;\">29 Ekim 2024 Sal\u0131<\/span><\/td>\n<\/tr>\n<tr style=\"height: 0.5;\">\n<td style=\"width: 35.6597%; border-style: solid; border-color: #0c6091; text-align: center; vertical-align: middle; height: 27px; background-color: #deffec;\"><strong><span style=\"font-size: 14pt; color: #000080;\">1. D\u00f6nem Ara Tatili<\/span><\/strong><\/td>\n<td style=\"width: 29.4206%; text-align: left; border-style: solid; border-color: #0c6091; vertical-align: middle; height: 27px; background-color: #e0f7ff;\"><span style=\"font-size: 14pt; color: #000080;\">11 &#8211; 15 Kas\u0131m 2024<\/span><\/td>\n<\/tr>\n<tr style=\"height: 0.5;\">\n<td style=\"width: 35.6597%; border-style: solid; border-color: #0c6091; text-align: center; vertical-align: middle; height: 27px; background-color: #deffec;\"><strong><span style=\"font-size: 14pt; color: #000080;\">Y\u0131lba\u015f\u0131 Tatili<\/span><\/strong><\/td>\n<td style=\"width: 29.4206%; text-align: left; border-style: solid; border-color: #0c6091; vertical-align: middle; height: 27px; background-color: #e0f7ff;\"><span style=\"font-size: 14pt; color: #000080;\">1 Ocak 2024 \u00c7ar\u015famba<\/span><\/td>\n<\/tr>\n<tr style=\"height: 0.5;\">\n<td style=\"width: 35.6597%; border-style: solid; border-color: #0c6091; text-align: center; vertical-align: middle; height: 27px; background-color: #deffec;\"><strong><span style=\"font-size: 14pt; color: #000080;\">1. D\u00f6nemin Son Ermesi<\/span><\/strong><\/td>\n<td style=\"width: 29.4206%; text-align: left; border-style: solid; border-color: #0c6091; vertical-align: middle; height: 27px; background-color: #e0f7ff;\"><span style=\"font-size: 14pt; color: #000080;\">17 Ocak 2025 Cuma<\/span><\/td>\n<\/tr>\n<tr style=\"height: 0.5;\">\n<td style=\"width: 35.6597%; border-style: solid; border-color: #0c6091; text-align: center; vertical-align: middle; height: 54px; background-color: #deffec;\"><strong><span style=\"font-size: 14pt; color: #000080;\">Yar\u0131y\u0131l Tatili<\/span><\/strong><\/td>\n<td style=\"width: 29.4206%; text-align: left; border-style: solid; border-color: #0c6091; vertical-align: middle; height: 54px; background-color: #e0f7ff;\"><span style=\"font-size: 14pt; color: #000080;\">20 &#8211; 31 Ocak 2025<\/span><\/td>\n<\/tr>\n<tr style=\"height: 0.5;\">\n<td style=\"width: 35.6597%; border-style: solid; border-color: #0c6091; text-align: center; vertical-align: middle; height: 27px; background-color: #deffec;\"><strong><span style=\"font-size: 14pt; color: #000080;\">2. D\u00f6nemin Ba\u015flang\u0131c\u0131<\/span><\/strong><\/td>\n<td style=\"width: 29.4206%; text-align: left; border-style: solid; border-color: #0c6091; vertical-align: middle; height: 27px; background-color: #e0f7ff;\"><span style=\"font-size: 14pt; color: #000080;\">3 \u015eubat 2025 Pazartesi<\/span><\/td>\n<\/tr>\n<tr style=\"height: 0.5;\">\n<td style=\"width: 35.6597%; border-style: solid; border-color: #0c6091; text-align: center; vertical-align: middle; height: 27px; background-color: #deffec;\"><strong><span style=\"font-size: 14pt; color: #000080;\">Ramazan Bayram\u0131<\/span><\/strong><\/td>\n<td style=\"width: 29.4206%; text-align: left; border-style: solid; border-color: #0c6091; vertical-align: middle; height: 27px; background-color: #e0f7ff;\"><span style=\"font-size: 14pt; color: #000080;\">29 Mart &#8211; 01 Nisan 2025 (3,5 G\u00fcn)<\/span><\/td>\n<\/tr>\n<tr style=\"height: 56px;\">\n<td style=\"width: 35.6597%; border-style: solid; border-color: #0c6091; text-align: center; vertical-align: middle; background-color: #deffec; height: 56px;\"><strong><span style=\"font-size: 14pt; color: #000080;\">2. D\u00f6nem Ara Tatili<\/span><\/strong><\/td>\n<td style=\"width: 29.4206%; text-align: left; border-style: solid; border-color: #0c6091; vertical-align: middle; background-color: #e0f7ff; height: 56px;\"><span style=\"font-size: 14pt; color: #000080;\">31 Mart &#8211; 4 Nisan 2025<\/span><\/td>\n<\/tr>\n<tr style=\"height: 0.5;\">\n<td style=\"width: 35.6597%; border-style: solid; border-color: #0c6091; text-align: center; vertical-align: middle; height: 27px; background-color: #deffec;\"><strong><span style=\"font-size: 14pt; color: #000080;\">23 Nisan Ulusal Egemenlik ve \u00c7ocuk Bayram\u0131<\/span><\/strong><\/td>\n<td style=\"width: 29.4206%; text-align: left; border-style: solid; border-color: #0c6091; vertical-align: middle; height: 27px; background-color: #e0f7ff;\"><span style=\"font-size: 14pt; color: #000080;\">23 Nisan 2025 \u00c7ar\u015famba<\/span><\/td>\n<\/tr>\n<tr style=\"height: 0.5;\">\n<td style=\"width: 35.6597%; border-style: solid; border-color: #0c6091; text-align: center; vertical-align: middle; height: 54px; background-color: #deffec;\"><strong><span style=\"font-size: 14pt; color: #000080;\">1 May\u0131s Emek\u00e7iler Bayram\u0131<\/span><\/strong><\/td>\n<td style=\"width: 29.4206%; text-align: left; border-style: solid; border-color: #0c6091; vertical-align: middle; height: 54px; background-color: #e0f7ff;\"><span style=\"font-size: 14pt; color: #000080;\">1 May\u0131s 2025 Per\u015fembe<\/span><\/td>\n<\/tr>\n<tr style=\"height: 0.5;\">\n<td style=\"width: 35.6597%; border-style: solid; border-color: #0c6091; text-align: center; vertical-align: middle; height: 54px; background-color: #deffec;\"><strong><span style=\"font-size: 14pt; color: #000080;\">19 May\u0131s Atat\u00fcrk&#8217;\u00fc Anma Gen\u00e7lik ve Spor Bayram\u0131<\/span><\/strong><\/td>\n<td style=\"width: 29.4206%; text-align: left; border-style: solid; border-color: #0c6091; vertical-align: middle; height: 54px; background-color: #e0f7ff;\"><span style=\"font-size: 14pt; color: #000080;\">19 May\u0131s 2025 Pazartesi<\/span><\/td>\n<\/tr>\n<tr style=\"height: 0.5;\">\n<td style=\"width: 35.6597%; border-style: solid; border-color: #0c6091; text-align: center; vertical-align: middle; height: 54px; background-color: #deffec;\"><strong><span style=\"font-size: 14pt; color: #000080;\">Kurban Bayram\u0131<\/span><\/strong><\/td>\n<td style=\"width: 29.4206%; text-align: left; border-style: solid; border-color: #0c6091; vertical-align: middle; height: 54px; background-color: #e0f7ff;\"><span style=\"font-size: 14pt; color: #000080;\">5 Haziran &#8211; 9 Haziran 2025 (4,5 G\u00fcn)<\/span><\/td>\n<\/tr>\n<tr>\n<td style=\"width: 35.6597%; border-color: #0c6091; text-align: center; vertical-align: middle; border-style: solid; background-color: #deffec;\"><strong><span style=\"font-size: 14pt; color: #000080;\">2024-2025 E\u011fitim-\u00d6\u011fretim Y\u0131l\u0131n\u0131n Sona Ermesi<\/span><\/strong><\/td>\n<td style=\"width: 29.4206%; text-align: left; border-color: #0c6091; vertical-align: middle; border-style: solid; background-color: #e0f7ff;\"><span style=\"font-size: 14pt; color: #000080;\">20 Haziran 2025 Cuma<\/span><\/td>\n<\/tr>\n<\/tbody>\n<\/table>\n<p>[\/vc_column_text][\/vc_column][\/vc_row][vc_row][vc_column][stm_spacing lg_spacing=&#8221;150&#8243;][\/vc_column][\/vc_row]<\/p>\n","protected":false},"excerpt":{"rendered":"<p>[vc_row][vc_column][stm_title title_align=&#8221;center&#8221; page_title_enable=&#8221;true&#8221; title_margin_b=&#8221;28px&#8221;][\/stm_title][vc_column_text][\/vc_column_text][vc_column_text css_animation=&#8221;slideInLeft&#8221;] 2024-2025 E\u011fitim-\u00d6\u011fretim Y\u0131l\u0131n\u0131n Ba\u015flang\u0131c\u0131 09 Eyl\u00fcl 2024 Pazartesi Cumhuriyet Bayram\u0131 29 Ekim 2024 Sal\u0131 1. D\u00f6nem Ara Tatili 11 &#8211; 15 Kas\u0131m 2024 Y\u0131lba\u015f\u0131 Tatili 1 Ocak 2024 \u00c7ar\u015famba 1. D\u00f6nemin Son Ermesi 17 Ocak 2025 Cuma Yar\u0131y\u0131l Tatili 20 &#8211; 31 Ocak 2025 2. D\u00f6nemin Ba\u015flang\u0131c\u0131 3 \u015eubat 2025 [&hellip;]<\/p>\n","protected":false},"author":1,"featured_media":0,"parent":0,"menu_order":0,"comment_status":"closed","ping_status":"closed","template":"","meta":{"footnotes":""},"class_list":["post-5397","page","type-page","status-publish","hentry"],"_links":{"self":[{"href":"https:\/\/www.dortyolyukselis.k12.tr\/index.php?rest_route=\/wp\/v2\/pages\/5397","targetHints":{"allow":["GET"]}}],"collection":[{"href":"https:\/\/www.dortyolyukselis.k12.tr\/index.php?rest_route=\/wp\/v2\/pages"}],"about":[{"href":"https:\/\/www.dortyolyukselis.k12.tr\/index.php?rest_route=\/wp\/v2\/types\/page"}],"author":[{"embeddable":true,"href":"https:\/\/www.dortyolyukselis.k12.tr\/index.php?rest_route=\/wp\/v2\/users\/1"}],"replies":[{"embeddable":true,"href":"https:\/\/www.dortyolyukselis.k12.tr\/index.php?rest_route=%2Fwp%2Fv2%2Fcomments&post=5397"}],"version-history":[{"count":90,"href":"https:\/\/www.dortyolyukselis.k12.tr\/index.php?rest_route=\/wp\/v2\/pages\/5397\/revisions"}],"predecessor-version":[{"id":6549,"href":"https:\/\/www.dortyolyukselis.k12.tr\/index.php?rest_route=\/wp\/v2\/pages\/5397\/revisions\/6549"}],"wp:attachment":[{"href":"https:\/\/www.dortyolyukselis.k12.tr\/index.php?rest_route=%2Fwp%2Fv2%2Fmedia&parent=5397"}],"curies":[{"name":"wp","href":"https:\/\/api.w.org\/{rel}","templated":true}]}}